{"id":81,"date":"2020-01-25T14:01:15","date_gmt":"2020-01-25T13:01:15","guid":{"rendered":"http:\/\/kellerdesign.de\/?page_id=81"},"modified":"2025-05-20T15:21:23","modified_gmt":"2025-05-20T13:21:23","slug":"datenschutz-kellerdesign","status":"publish","type":"page","link":"https:\/\/kellerdesign.de\/index.php\/datenschutz-kellerdesign\/","title":{"rendered":"DATENSCHUTZ"},"content":{"rendered":"\n<p class=\"has-text-color\" style=\"color:#555555\">Willkommen auf unserer Website. Datenschutz hat f\u00fcr uns einen hohen Stellenwert. Die Nutzung unserer Website ist grunds\u00e4tzlich ohne jede Angabe personenbezogener Daten m\u00f6glich. Sofern Sie als Nutzer besondere Dienste unseres Unternehmens \u00fcber unsere Internetseite in Anspruch nehmen m\u00f6chten, kann dabei eine Verarbeitung personenbezogener Daten erforderlich werden. <br>Soweit wir hierf\u00fcr keine gesetzliche Grundlage beanspruchen k\u00f6nnen, holen wir daf\u00fcr Ihre gesonderte Einwilligung ein. <br><br>Die Verarbeitung personenbezogener Daten, dazu geh\u00f6ren z.B.: Name, Anschrift, E-Mail-Adresse oder Telefonnummer, erfolgt unter Beachtung der Datenschutz-Grundverordnung und in \u00dcbereinstimmung mit den f\u00fcr uns g\u00fcltigen landesspezifischen Datenschutzbestimmungen. <br><\/p>\n\n\n\n<p class=\"has-text-color\" style=\"color:#555555\">Nachfolgend informieren wir Sie \u00fcber Art, Umfang und Zweck der von uns erhobenen, genutzten und verarbeiteten personenbezogenen Daten und ebenso wie \u00fcber die Ihnen zustehenden Rechte. <br>Wir haben etliche technische und organisatorische Ma\u00dfnahmen umgesetzt, den Schutz Ihrer Daten m\u00f6glichst l\u00fcckenlos zu halten. <br>Dennoch k\u00f6nnen Daten\u00fcbertragungen im Internet Sicherheitsl\u00fccken aufweisen, so dass absoluter Schutz nicht gew\u00e4hrleistet werden kann. <br>Es steht Ihnen daher frei, personenbezogene Daten auch auf klassischen Wegen an uns zu \u00fcbermitteln.<\/p>\n\n\n\n<p class=\"has-text-color\" style=\"color:#555555\"><br><strong><br>1. Zun\u00e4chst einige kurze Begriffserl\u00e4uterungen:<\/strong><\/p>\n\n\n\n<p class=\"has-text-color\" style=\"color:#555555\">Die Rechtsordnung geht davon aus, dass ein Verantwortlicher, ein Auftragsdatenverarbeiter des Verantwortlichen oder ein Dritter, der f\u00fcr den Verarbeiter t\u00e4tig wird, personenbezogene Daten einer betroffenen Person, anonymisiert oder nicht, verarbeitet, mitunter mit dem Ziel, ein Profil anzulegen, sie an Empf\u00e4nger weitergibt, und daher gegebenenfalls eine Einwilligung ben\u00f6tigt oder in sonstiger Weise eingeschr\u00e4nkt werden kann. <br><br>Personenbezogene Daten sind in diesem Zusammenhang alle Informationen, die sich auf eine identifizierte oder identifizierbare nat\u00fcrliche Person beziehen. Als identifizierbar wird eine nat\u00fcrliche Person angesehen, die direkt oder indirekt, insbesondere mittels Zuordnung zu einer Kennung wie einem Namen, zu einer Kennnummer, zu Standortdaten, zu einer Online-Kennung oder zu einem oder mehreren besonderen Merkmalen, die Ausdruck der physischen, physiologischen, genetischen, psychischen, wirtschaftlichen, kulturellen oder sozialen Identit\u00e4t dieser nat\u00fcrlichen Person sind, identifiziert werden kann. Betroffene Person ist jede identifizierte oder identifizierbare nat\u00fcrliche Person, deren personenbezogene Daten von dem f\u00fcr die Verarbeitung Verantwortlichen verarbeitet werden. <br><br>Verarbeitung ist jeder mit oder ohne Hilfe automatisierter Verfahren ausgef\u00fchrte Vorgang oder jede solche Vorgangsreihe im Zusammenhang mit personenbezogenen Daten wie das Erheben, das Erfassen, die Organisation, das Ordnen, die Speicherung, die Anpassung oder Ver\u00e4nderung, das Auslesen, das Abfragen, die Verwendung, die Offenlegung durch \u00dcbermittlung, Verbreitung oder eine andere Form der Bereitstellung, den Abgleich oder die Verkn\u00fcpfung, die Einschr\u00e4nkung, das L\u00f6schen oder die Vernichtung. <br><br>Einschr\u00e4nkung der Verarbeitung ist die Markierung gespeicherter personenbezogener Daten mit dem Ziel, ihre k\u00fcnftige Verarbeitung einzuschr\u00e4nken. Profiling ist jede Art der automatisierten Verarbeitung personenbezogener Daten, die darin besteht, dass diese personenbezogenen Daten verwendet werden, um bestimmte pers\u00f6nliche Aspekte, die sich auf eine nat\u00fcrliche Person beziehen, zu bewerten, insbesondere, um Aspekte bez\u00fcglich Arbeitsleistung, wirtschaftlicher Lage, Gesundheit, pers\u00f6nlicher Vorlieben, Interessen,  Zuverl\u00e4ssigkeit, Verhalten, Aufenthaltsort oder Ortswechsel dieser nat\u00fcrlichen Person zu analysieren oder vorherzusagen. <br><br>Pseudonymisierung ist die Verarbeitung personenbezogener Daten in einer Weise, auf welche die personenbezogenen Daten ohne Hinzuziehung zus\u00e4tzlicher Informationen nicht mehr einer spezifischen betroffenen Person zugeordnet werden k\u00f6nnen, sofern diese zus\u00e4tzlichen Informationen gesondert aufbewahrt werden und technischen und organisatorischen Ma\u00dfnahmen unterliegen, die gew\u00e4hrleisten, dass die personenbezogenen Daten nicht einer identifizierten oder identifizierbaren nat\u00fcrlichen Person zugewiesen werden. <br><br>Verantwortlicher oder f\u00fcr die Verarbeitung Verantwortlicher ist die nat\u00fcrliche oder juristische Person, Beh\u00f6rde, Einrichtung oder andere Stelle, die allein oder gemeinsam mit anderen \u00fcber die Zwecke und Mittel der Verarbeitung von personenbezogenen Daten entscheidet. Sind die Zwecke und Mittel dieser Verarbeitung durch das Unionsrecht oder das Recht der Mitgliedstaaten vorgegeben, so kann der Verantwortliche beziehungsweise k\u00f6nnen die bestimmten Kriterien seiner Benennung nach dem Unionsrecht oder dem Recht der Mitgliedstaaten vorgesehen werden. <br><br>Auftragsverarbeiter ist eine nat\u00fcrliche oder juristische Person, Beh\u00f6rde, Einrichtung oder andere Stelle, die personenbezogene Daten im Auftrag des Verantwortlichen verarbeitet. Empf\u00e4nger ist eine nat\u00fcrliche oder juristische Person, Beh\u00f6rde, Einrichtung oder andere Stelle, der personenbezogene Daten offengelegt werden, unabh\u00e4ngig davon, ob es sich bei ihr um einen Dritten handelt oder nicht. Beh\u00f6rden, die im Rahmen eines bestimmten Untersuchungsauftrags nach dem Unionsrecht oder dem Recht der Mitgliedstaaten m\u00f6glicherweise personenbezogene Daten erhalten, gelten jedoch nicht als Empf\u00e4nger. <br><br>Dritter ist eine nat\u00fcrliche oder juristische Person, Beh\u00f6rde, Einrichtung oder andere Stelle au\u00dfer der betroffenen Person, dem Verantwortlichen, dem Auftragsverarbeiter und den Personen, die unter der unmittelbaren Verantwortung des Verantwortlichen oder des Auftragsverarbeiters befugt sind, die personenbezogenen Daten zu verarbeiten. <br><br>Einwilligung ist jede von der betroffenen Person freiwillig f\u00fcr den bestimmten Fall in informierter Weise und unmissverst\u00e4ndlich abgegebene Willensbekundung in Form einer Erkl\u00e4rung oder einer sonstigen eindeutigen best\u00e4tigenden Handlung, mit der die betroffene Person zu verstehen gibt, dass sie mit der Verarbeitung der sie betreffenden personenbezogenen Daten einverstanden ist.<\/p>\n\n\n\n<p class=\"has-text-color\" style=\"color:#555555\"><strong>2. Verantwortlicher im Sinne der Datenschutz-Grundverordnung, sonstiger in den Mitgliedstaaten der Europ\u00e4ischen Union geltenden Datenschutzgesetze und anderer Bestimmungen, die den Schutz von Daten bezwecken, ist:<\/strong> <br><br>Keller Design \u2013 Messen &amp; Events \u2013 GmbH<br>Im M\u00f6nchgraben 16 <br>75397 Simmozheim<\/p>\n\n\n\n<p class=\"has-text-color\" style=\"color:#555555\"><strong>3. Unser Internetauftritt erfasst mit jedem Aufruf durch Sie als betroffene Person eine Reihe von Daten des zugreifenden Systems, die in den Logfiles des Servers gespeichert werden.<\/strong><\/p>\n\n\n\n<p class=\"has-text-color\" style=\"color:#555555\"><strong>Dies sind:&nbsp;<\/strong><br><\/p>\n\n\n\n<p class=\"has-text-color\" style=\"color:#555555\">\u2013 Verwendeter Browsertyp und Version<br><br>\u2013 Vom zugreifenden System verwendetes Betriebssystem<br><br>\u2013 Internetseite, von welcher ein zugreifendes System auf unsere Internetseite gelangt (sog. Referrer)<br><br>\u2013 Unterwebseiten, die auf unserer Internetseite angesteuert werden<br><br>\u2013 Datum und die Uhrzeit eines Zugriffs auf die Internetseite<br><br>\u2013 Internet-Protokoll-Adresse (IP-Adresse)<br><br>\u2013 Internet-Service-Provider des zugreifenden Systems<br><br>\u2013 Sonstige \u00e4hnliche Daten und Informationen, die der Gefahrenabwehr im Falle von Angriffen auf unsere informationstechnologischen <br>Systeme dienen<br><br>Bei der Nutzung dieser allgemeinen Daten und Informationen ziehen wir jedoch keine R\u00fcckschl\u00fcsse auf die Sie als betroffene Person.<\/p>\n\n\n\n<p class=\"has-text-color\" style=\"color:#555555\">Diese Informationen werden vielmehr ben\u00f6tigt, um Inhalte unserer Internetseite auszuliefern, Inhalte unserer Internetseite sowie die Werbung f\u00fcr diese zu optimieren, die dauerhafte Funktionsf\u00e4higkeit unserer informationstechnologischen Systeme und der Technik unserer Internetseite zu gew\u00e4hrleisten und um Strafverfolgungsbeh\u00f6rden im Falle von Cyberangriffen die zur Strafverfolgung notwendigen Informationen bereitzustellen. Diese anonym erhobenen Daten und Informationen werden durch uns daher einerseits statistisch und mit dem Ziel ausgewertet, den Datenschutz und die Datensicherheit in unserem System zu erh\u00f6hen, damit ein optimales Schutzniveau f\u00fcr die von uns verarbeiteten personenbezogenen Daten sichergestellt werden kann. Die anonymen Daten der Server-Logfiles werden getrennt von allen durch Sie als betroffene Person angegebenen personenbezogenen Daten gespeichert.<\/p>\n\n\n\n<p class=\"has-text-color\" style=\"color:#555555\"><strong>4. Unser Internetauftritt verwendet Cookies.<\/strong><\/p>\n\n\n\n<p class=\"has-text-color\" style=\"color:#555555\">Dies sind Textdateien, die \u00fcber einen Internetbrowser auf einem Computersystem abgelegt und gespeichert werden und eine Cookie-ID enthalten, also eine eindeutige Kennung des Cookies, die aus einer Zeichenfolge besteht, durch die Internetseiten und Server dem konkreten Internetbrowser zugeordnet werden k\u00f6nnen, in dem das Cookie gespeichert wurde. Dies erm\u00f6glicht es den besuchten Internetseiten und Servern, den individuellen Browser der betroffenen Person von anderen Internetbrowsern, die andere Cookies enthalten, zu unterscheiden. <br>Ein bestimmter Internetbrowser kann \u00fcber die eindeutige Cookie-ID wiedererkannt und identifiziert werden. Ohne den Einsatz von Cookies w\u00e4ren die Funktionalit\u00e4ten unserer Website nicht aufrechtzuerhalten. Durch den Einsatz von Cookies k\u00f6nnen wir nutzerfreundlichere Services bereitstellen, die ohne die Cookie-Setzung nicht m\u00f6glich w\u00e4ren. Anderenfalls m\u00fcssten Sie als Nutzer vor jedem Besuch unserer Website Zugangsdaten eingeben. Auch die Nutzung unseres Warenangebots w\u00e4re ohne den Einsatz von Cookies wesentlich erschwert. <br>Als betroffene Person k\u00f6nnen Sie allerdings jederzeit verhindern, dass unsere Internetseite Cookies setzt, indem Sie die entsprechende Einstellung in dem von Ihnen genutzten Internetbrowser vornehmen und damit der Setzung von Cookies dauerhaft widersprechen. Cookies, die wir bereits gesetzt haben, k\u00f6nnen Sie jederzeit \u00fcber den Internetbrowser l\u00f6schen. Bitte beachten Sie, dass somit nicht alle Funktionen unserer Website vollumf\u00e4nglich nutzbar sind.<\/p>\n\n\n\n<p class=\"has-text-color\" style=\"color:#555555\"><strong>5. Unsere Internetseite enth\u00e4lt -wir sind verpflichtet, Ihnen eine entsprechende M\u00f6glichkeit der schnellen Kontaktaufnahme anzubieten-,&nbsp;<\/strong><br><strong>eine allgemeine Adresse, unter der Sie uns mittels elektronischer Post (E-Mail-Adresse) erreichen k\u00f6nnen.<\/strong><\/p>\n\n\n\n<p class=\"has-text-color\" style=\"color:#555555\">Wir bieten Ihnen zu diesem Zweck ebenfalls ein Kontaktformular. Sofern Sie als betroffene Person per E-Mail oder \u00fcber das Kontaktformular den Kontakt mit uns aufnehmen, werden die von Ihnen als betroffener Person \u00fcbermittelten personenbezogenen Daten automatisch gespeichert. Solche freiwillig von Ihnen \u00fcbermittelten personenbezogenen Daten werden f\u00fcr Zwecke der Bearbeitung oder der Kontaktaufnahme zu Ihnen gespeichert. Es erfolgt keine Weitergabe dieser personenbezogenen Daten an Dritte.<\/p>\n\n\n\n<p class=\"has-text-color\" style=\"color:#555555\"><strong>6. Wir als f\u00fcr die Verarbeitung Verantwortliche verarbeiten und speichern Ihre personenbezogenen Daten nur f\u00fcr den Zeitraum, der zur Erreichung des Speicherungszwecks erforderlich ist oder sofern dies in Verordnungen, Richtlinien, Gesetzen oder Vorschriften, vorgesehen ist.<\/strong><\/p>\n\n\n\n<p class=\"has-text-color\" style=\"color:#555555\">Entf\u00e4llt der Speicherungszweck oder l\u00e4uft eine vorgeschriebene Speicherfrist ab, werden die personenbezogenen Daten routinem\u00e4\u00dfig <br>und entsprechend den gesetzlichen Vorschriften gesperrt oder gel\u00f6scht.<\/p>\n\n\n\n<p class=\"has-text-color\" style=\"color:#555555\"><strong>7. Jede betroffene Person hat das Recht, von dem f\u00fcr die Verarbeitung Verantwortlichen eine Best\u00e4tigung dar\u00fcber zu verlangen, ob sie betreffende personenbezogene Daten verarbeitet werden. M\u00f6chte eine betroffene Person dieses Best\u00e4tigungsrecht in Anspruch nehmen, <\/strong><br><strong>kann sie sich hierzu jederzeit an einen Mitarbeiter des f\u00fcr die Verarbeitung Verantwortlichen wenden.<\/strong><\/p>\n\n\n\n<p class=\"has-text-color\" style=\"color:#555555\">Jede von der Verarbeitung personenbezogener Daten betroffene Person hat das Recht, jederzeit von dem f\u00fcr die Verarbeitung Verantwortlichen unentgeltliche Auskunft \u00fcber die zu seiner Person gespeicherten personenbezogenen Daten und eine Kopie dieser Auskunft zu erhalten. <br><br>Dar\u00fcber hinaus hat jede betroffene Person das Recht, Auskunft \u00fcber folgende Informationen zu verlangen:<\/p>\n\n\n\n<p class=\"has-text-color\" style=\"color:#555555\">\u2013 Verarbeitungszweck<br><br>\u2013 Kategorien personenbezogener Daten, die verarbeitet werden<br><br>\u2013 Empf\u00e4nger oder Kategorien von Empf\u00e4ngern, gegen\u00fcber denen die personenbezogenen Daten offengelegt worden sind oder noch offengelegt werden, insbesondere bei Empf\u00e4ngern in Drittl\u00e4ndern oder bei internationalen Organisationen<br><br>Falls m\u00f6glich die geplante Dauer, f\u00fcr die die personenbezogenen Daten gespeichert werden, oder, falls dies nicht m\u00f6glich ist, <br>die Kriterien f\u00fcr die Festlegung dieser Dauer<br><br>\u2013 Bestehen eines Rechts auf Berichtigung oder L\u00f6schung der sie betreffenden personenbezogenen Daten oder auf Einschr\u00e4nkung der<br>Verarbeitung durch den Verantwortlichen oder eines Widerspruchsrechts gegen diese Verarbeitung<br><br>\u2013 Bestehen eines Beschwerderechts bei einer Aufsichtsbeh\u00f6rde<br><br>\u2013 Alle verf\u00fcgbaren Informationen \u00fcber die Herkunft der Daten, wenn die personenbezogenen Daten nicht bei der betroffenen Person erhoben wurden<br><br>\u2013 Bestehen einer automatisierten Entscheidungsfindung einschlie\u00dflich Profiling und zumindest in diesen F\u00e4llen aussagekr\u00e4ftige Informationen \u00fcber die involvierte Logik sowie die Tragweite und die angestrebten Auswirkungen einer derartigen Verarbeitung f\u00fcr die betroffene Person<br><br>\u2013 Ob personenbezogene Daten an ein Drittland oder an eine internationale Organisation \u00fcbermittelt wurden. (Ist dies der Fall ist, steht der betroffenen Person daneben das Recht zu, Auskunft \u00fcber die geeigneten Garantien im Zusammenhang mit der \u00dcbermittlung zu erhalten) <br><br>Jede von der Verarbeitung personenbezogener Daten betroffene Person hat das Recht, die unverz\u00fcgliche Berichtigung sie betreffender unrichtiger personenbezogener Daten zu verlangen. Ferner steht der betroffenen Person das Recht zu, unter Ber\u00fccksichtigung der Zwecke der Verarbeitung, die Vervollst\u00e4ndigung unvollst\u00e4ndiger personenbezogener Daten, auch mittels einer erg\u00e4nzenden Erkl\u00e4rung, zu verlangen. <br><br>Jede von der Verarbeitung personenbezogener Daten betroffene Person hat das Recht, von dem Verantwortlichen zu verlangen, dass die sie betreffenden personenbezogenen Daten unverz\u00fcglich gel\u00f6scht werden, sofern einer der folgenden Gr\u00fcnde zutrifft und soweit die Verarbeitung nicht erforderlich ist: <br><br>\u2013 Die personenbezogenen Daten wurden f\u00fcr solche Zwecke erhoben oder auf sonstige Weise verarbeitet, <br>f\u00fcr welche sie nicht mehr notwendig sind<br><br>\u2013 Die betroffene Person widerruft ihre Einwilligung, auf die sich die Verarbeitung st\u00fctzte, <br>und es fehlt an einer anderweitigen Rechtsgrundlage f\u00fcr die Verarbeitung<br><br>\u2013 Die betroffene Person legt Widerspruch gegen die Verarbeitung ein, und es liegen keine vorrangigen berechtigten Gr\u00fcnde <br>f\u00fcr die Verarbeitung vor, oder die betroffene Person legt Widerspruch gegen die Verarbeitung im Falle einer Direktwerbungsma\u00dfnahme ein<br><br>\u2013 Die personenbezogenen Daten wurden unrechtm\u00e4\u00dfig verarbeitet<br><br>\u2013 Die L\u00f6schung der personenbezogenen Daten ist zur Erf\u00fcllung einer rechtlichen Verpflichtung nach dem Unionsrecht oder dem Recht der Mitgliedstaaten erforderlich, dem der Verantwortliche unterliegt<br><br>\u2013 Die personenbezogenen Daten wurden in Bezug auf angebotene Dienste der Informationsgesellschaft erhoben, das einem Kind direkt gemacht wird, wenn das Kind das sechzehnte Lebensjahr nicht vollendet hat oder Einwilligung durch den Tr\u00e4ger der elterlichen Verantwortung f\u00fcr das Kind oder mit dessen Zustimmung nicht erteilt wurde <br><br>Wurden die personenbezogenen Daten von uns gemacht und ist unser Unternehmen zur L\u00f6schung der personenbezogenen Daten verpflichtet, treffen wir unter Ber\u00fccksichtigung der verf\u00fcgbaren Technologie und der Implementierungskosten angemessene Ma\u00dfnahmen, auch technischer Art, um andere f\u00fcr die Datenverarbeitung Verantwortliche, die die ver\u00f6ffentlichten personenbezogenen Daten verarbeitet haben, dar\u00fcber in Kenntnis zu setzen, dass Sie als betroffene Person von diesen anderen f\u00fcr die Datenverarbeitung Verantwortlichen die L\u00f6schung s\u00e4mtlicher Links zu diesen personenbezogenen Daten oder von Kopien oder Replikationen dieser personenbezogenen Daten verlangt haben, soweit die Verarbeitung nicht erforderlich ist. <br><br>Jede von der Verarbeitung personenbezogener Daten betroffene Person hat das Recht, von dem Verantwortlichen die Einschr\u00e4nkung der Verarbeitung zu verlangen, wenn eine der folgenden Voraussetzungen gegeben ist: <br><br>\u2013 Die Richtigkeit der personenbezogenen Daten wird von der betroffenen Person bestritten, und zwar f\u00fcr eine Dauer, die es dem Verantwortlichen erm\u00f6glicht, die Richtigkeit der personenbezogenen Daten zu \u00fcberpr\u00fcfen<br><br>\u2013 Die Verarbeitung ist unrechtm\u00e4\u00dfig, die betroffene Person lehnt die L\u00f6schung der personenbezogenen Daten ab und verlangt stattdessen die Einschr\u00e4nkung der Nutzung der personenbezogenen Daten<br><br>\u2013 Der Verantwortliche ben\u00f6tigt die personenbezogenen Daten f\u00fcr die Zwecke der Verarbeitung nicht l\u00e4nger, die betroffene Person ben\u00f6tigt sie jedoch zur Geltendmachung, Aus\u00fcbung oder Verteidigung von Rechtsanspr\u00fcchen<br><br>\u2013 Die betroffene Person hat Widerspruch gegen die Verarbeitung personenbezogener Daten erhoben aus Gr\u00fcnden, die sich aus ihrer besonderen Situation ergeben, gegen die Verarbeitung von Daten, die f\u00fcr die Wahrnehmung einer Aufgabe erforderlich sind, die im \u00f6ffentlichen Interesse liegen oder in Aus\u00fcbung \u00f6ffentlicher Gewalt erfolgen, die dem Verantwortlichen \u00fcbertragen wurde oder gegen solche Daten, deren Verarbeitung zur Wahrung&nbsp; berechtigter Interessen des Verantwortlichen oder eines Dritten erforderlich war, sofern nicht die Interessen oder Grundrechte und Grundfreiheiten der betroffenen Person, die den Schutz personenbezogener Daten erfordern, \u00fcberwogen haben, insbesondere dann, wenn es sich bei der betroffenen Person um ein Kind handelte, es sei denn, sie kann zwingende schutzw\u00fcrdige Gr\u00fcnde f\u00fcr die Verarbeitung nicht nachweisen, die ihre Interessen, Rechte und Freiheiten der betroffenen Person \u00fcberwiegen, oder die Verarbeitung dient der Geltendmachung, Aus\u00fcbung oder Verteidigung von Rechtsanspr\u00fcchen <br><br>Jede von der Verarbeitung personenbezogener Daten betroffene Person hat das vom Europ\u00e4ischen Richtlinien- und Verordnungsgeber gew\u00e4hrte Recht, die sie betreffenden personenbezogenen Daten, welche durch die betroffene Person einem Verantwortlichen bereitgestellt wurden, in einem strukturierten, g\u00e4ngigen und maschinenlesbaren Format zu erhalten. Sie hat au\u00dferdem das Recht, diese Daten einem anderen Verantwortlichen ohne Behinderung durch den Verantwortlichen, dem die personenbezogenen Daten bereitgestellt wurden, zu \u00fcbermitteln, sofern die Verarbeitung auf der verordnungsrechtlichen Einwilligung (Art. 6, 9 DSGVO) oder auf Vertrag gem\u00e4\u00df (Art. 6 DSGVO) beruht und die Verarbeitung mithilfe automatisierter Verfahren erfolgt, sofern die Verarbeitung nicht f\u00fcr die Wahrnehmung einer Aufgabe erforderlich ist, die im \u00f6ffentlichen Interesse liegt oder in Aus\u00fcbung \u00f6ffentlicher Gewalt erfolgt, welche dem Verantwortlichen \u00fcbertragen wurde. <br><br>Im \u00dcbrigen haben Sie als betroffene Person bei der Aus\u00fcbung Ihres Rechts auf Daten\u00fcbertragbarkeit das Recht, zu erwirken, dass die personenbezogenen Daten direkt von uns als Verantwortlichem an einen anderen Verantwortlichen \u00fcbermittelt werden, soweit dies technisch machbar ist und sofern hiervon nicht die Rechte und Freiheiten anderer Personen beeintr\u00e4chtigt werden. <br><br>Jede von der Verarbeitung personenbezogener Daten betroffene Person hat das Recht, aus Gr\u00fcnden, die sich aus ihrer besonderen Situation ergeben, jederzeit gegen die Verarbeitung sie betreffender personenbezogener Daten, die aufgrund von Art. 6 Abs. 1 Buchstaben e oder f DS-GVO erfolgt, Widerspruch einzulegen. Dies gilt auch f\u00fcr ein auf diese Bestimmungen gest\u00fctztes Profiling. Wir verbreiten die personenbezogenen Daten im Falle des Widerspruchs nicht mehr, es sei denn, wir k\u00f6nnen zwingende schutzw\u00fcrdige Gr\u00fcnde f\u00fcr die Verarbeitung nachweisen, die den Interessen, Rechten und Freiheiten der betroffenen Person \u00fcberwiegen, oder die Verarbeitung dient der Geltendmachung, Aus\u00fcbung oder Verteidigung von Rechtsanspr\u00fcchen. Verarbeiten wir personenbezogene Daten, um Direktwerbung zu betreiben, haben Sie als betroffene Person das Recht, jederzeit Widerspruch gegen die Verarbeitung der personenbezogenen Daten zum Zwecke derartiger Werbung zu erheben. Dies gilt auch f\u00fcr das Profiling, soweit es mit solcher Direktwerbung in Verbindung steht. Widersprechen Sie als die betroffene Person uns gegen\u00fcber der Verarbeitung f\u00fcr Zwecke der Direktwerbung, werden wir die personenbezogenen Daten nicht mehr f\u00fcr diese Zwecke verarbeiten. <br><br>Jede von der Verarbeitung personenbezogener Daten betroffene Person hat das Recht, nicht einer ausschlie\u00dflich auf einer automatisierten Verarbeitung \u2014 einschlie\u00dflich Profiling \u2014 beruhenden Entscheidung unterworfen zu werden, die ihr gegen\u00fcber rechtliche Wirkung entfaltet oder sie in \u00e4hnlicher Weise erheblich beeintr\u00e4chtigt, sofern die Entscheidung nicht f\u00fcr den Abschluss oder die Erf\u00fcllung eines Vertrags zwischen der betroffenen Person und dem Verantwortlichen erforderlich ist, oder aufgrund von Rechtsvorschriften der Europ\u00e4ischen Union oder der Mitgliedstaaten, denen der Verantwortliche unterliegt, zul\u00e4ssig ist und diese Rechtsvorschriften angemessene Ma\u00dfnahmen zur Wahrung der Rechte und Freiheiten sowie der berechtigten Interessen der betroffenen Person enthalten oder mit ausdr\u00fccklicher Einwilligung der betroffenen Person erfolgt. <br><br>Ist die Entscheidung f\u00fcr den Abschluss oder die Erf\u00fcllung eines Vertrags zwischen der betroffenen Person und dem Verantwortlichen erforderlich oder erfolgt sie mit ausdr\u00fccklicher Einwilligung der betroffenen Person, treffen wir angemessene Ma\u00dfnahmen, um die Rechte und Freiheiten sowie die berechtigten Interessen der betroffenen Person zu wahren, wozu mindestens das Recht auf Erwirkung des Eingreifens einer Person seitens des Verantwortlichen, auf Darlegung des eigenen Standpunkts und auf Anfechtung der Entscheidung geh\u00f6rt. <br><br><br>Jede von der Verarbeitung personenbezogener Daten betroffene Person hat das Recht, eine Einwilligung zur Verarbeitung personenbezogener Daten jederzeit zu widerrufen.<\/p>\n\n\n\n<p class=\"has-text-color\" style=\"color:#555555\"><strong>8. Wir erheben und verarbeiten personenbezogene Daten von Bewerbern zum Zwecke der Abwicklung des Bewerbungsverfahrens. <\/strong><br><strong>Die Verarbeitung kann auf elektronischem Wege erfolgen.<\/strong><\/p>\n\n\n\n<p class=\"has-text-color\" style=\"color:#555555\">Dies ist insbesondere dann der Fall, wenn ein Bewerber entsprechende Bewerbungsunterlagen auf einem elektronischen Weg, z.B. per E-Mail oder \u00fcber ein auf unserer Internetseite befindliches Formular \u00fcbermittelt. Schlie\u00dfen wir einen Arbeitsvertrag mit Ihnen als Bewerber, werden die \u00fcbermittelten Daten zum Zwecke der Abwicklung des Besch\u00e4ftigungsverh\u00e4ltnisses unter Beachtung der gesetzlichen Vorschriften gespeichert. Schlie\u00dfen wir keinen Arbeitsvertrag mit Ihnen als Bewerber, werden die Bewerbungsunterlagen zwei Monate nach Mitteilung unserer Entscheidung gel\u00f6scht, sofern einer L\u00f6schung keine sonstigen berechtigten Interessen entgegenstehen, z.B. eine Beweispflicht in einem Verfahren nach dem Allgemeinen Gleichbehandlungsgesetz (AGG).<\/p>\n\n\n\n<p class=\"has-text-color\" style=\"color:#555555\"><strong>9. Wir haben auf unserer Website die Funktionalit\u00e4ten von Google Analytics mit Anonymisierungsfunktion integriert.<\/strong><\/p>\n\n\n\n<p class=\"has-text-color\" style=\"color:#555555\">Google Analytics ist ein Web-Analyse-Dienst, der Daten erhebt, sammelt und auswertet und damit das Verhalten von Besuchern von Internetseiten analysiert. Hierzu geh\u00f6ren die Referrer-Seite, Unterseiten und die Verweildauer. Betreibergesellschaft der Google-Analytics-Komponente ist die Google Inc., 1600 Amphitheatre Pkwy, Mountain View, CA 94043-1351, USA. <br><br>Wir verwenden f\u00fcr die Webanalyse \u00fcber Google Analytics den Zusatz \u201e_gat._anonymizeIp\u201c. Mittels dieses Zusatzes wird die IP-Adresse des Internetanschlusses der betroffenen Person von Google gek\u00fcrzt und anonymisiert, wenn der Zugriff auf unsere Internetseiten aus einem Mitgliedstaat der Europ\u00e4ischen Union oder aus einem anderen Vertragsstaat des Abkommens \u00fcber den Europ\u00e4ischen Wirtschaftsraum erfolgt.<br>Der Zweck der Google-Analytics-Komponente ist die Analyse der Besucherstr\u00f6me auf unserer Internetseite. Google nutzt die gewonnenen Daten und Informationen unter anderem dazu, die Nutzung unserer Internetseite auszuwerten, um f\u00fcr uns Online-Reports, welche die Aktivit\u00e4ten auf unseren Internetseiten aufzeigen, zusammenzustellen, und um weitere mit der Nutzung unserer Internetseite in Verbindung stehende Dienstleistungen zu erbringen. <br><br>Google Analytics setzt ein Cookie auf Ihrer Rechnereinheit. Durch jeden Aufruf einer der Einzelseiten unserer Internetseite wird der Internetbrowser durch Google Analytics veranlasst, Daten zum Zwecke der Online-Analyse an Google zu \u00fcbermitteln. Im Rahmen dieses technischen Verfahrens erh\u00e4lt Google Kenntnis \u00fcber personenbezogene Daten wie der IP-Adresse, die Google unter anderem dazu dienen, die Herkunft der Besucher und Klicks nachzuvollziehen und in der Folge Provisionsabrechnungen zu erm\u00f6glichen. Mittels des Cookies werden personenbezogene Informationen, z.B. Zugriffszeit und Zugriffsort sowie die H\u00e4ufigkeit der Besuche unserer Internetseite an Google in den USA \u00fcbertragen und dort gespeichert. Google gibt diese \u00fcber das technische Verfahren erhobenen personenbezogenen Daten unter Umst\u00e4nden an Dritte weiter. Sie k\u00f6nnen jederzeit mittels einer entsprechenden Einstellung verhindern, dass Cookies gesetzt und gespeichert werden, auch im Hinblick auf das Google-Cookies. Zudem kann ein von Google Analytics bereits gesetzter Cookies jederzeit \u00fcber den Internetbrowser oder andere Softwareprogramme gel\u00f6scht werden. <br><br>Sie k\u00f6nnen auch einer Erfassung der durch Google Analytics erzeugten und auf eine Nutzung unserer Internetseite bezogenen Daten sowie der Verarbeitung dieser Daten durch Google widersprechen und diese Nutzung verhindern. Laden und installieren Sie zu diesem Zweck das Browser-Add-On, das Sie hier finden: https:\/\/tools.google.com\/dlpage\/gaoptout. Dieses Browser-Add-On teilt Google Analytics \u00fcber JavaScript mit, dass keine Daten und Informationen zu den Besuchen von Internetseiten an Google Analytics \u00fcbermittelt werden sollen; die Installation des Add-Ons wird von Google als Widerspruch gewertet. <br><br>Informationen und Datenschutzbestimmungen von Google k\u00f6nnen unter:<br>https:\/\/<a href=\"https:\/\/policies.google.com\/privacy?hl=de&amp;gl=de\" target=\"_blank\" rel=\"noreferrer noopener\">www.google.de\/intl\/de\/policies\/privacy<\/a>\/ und unter <br>http:\/\/<a href=\"https:\/\/marketingplatform.google.com\/about\/analytics\/terms\/de\/\" target=\"_blank\" rel=\"noopener\">www.google.com\/analytics\/terms\/de.html<\/a> abgerufen werden. <br>Google Analytics wird unter diesem Link <a href=\"https:\/\/www.google.com\/intl\/de_de\/analytics\/\" target=\"_blank\" rel=\"noreferrer noopener\">https:\/\/www.google.com\/intl\/de_de\/analytics\/<\/a> eingehend erl\u00e4utert.<\/p>\n\n\n\n<p class=\"has-text-color\" style=\"color:#555555\"><strong>10. Regelm\u00e4\u00dfig m\u00fcssen wir eine Einwilligung f\u00fcr einen bestimmten Verarbeitungszweck einholen, bevor wir diesen umsetzen.<\/strong><\/p>\n\n\n\n<p class=\"has-text-color\" style=\"color:#555555\">Ist die Verarbeitung personenbezogener Daten zur Erf\u00fcllung eines Vertrags, dessen Vertragspartei die betroffene Person ist, erforderlich, wie dies beispielsweise bei Verarbeitungsvorg\u00e4ngen der Fall ist, die f\u00fcr eine Lieferung von Waren oder die Erbringung einer sonstigen Leistung oder Gegenleistung notwendig sind, dient diese Verarbeitung der Erf\u00fcllung eines Vertrags und bedarf keiner Einwilligung. Gleiches gilt f\u00fcr solche Verarbeitungsvorg\u00e4nge, die zur Durchf\u00fchrung vorvertraglicher Ma\u00dfnahmen erforderlich sind, etwa in F\u00e4llen von Anfragen zu unseren Produkten oder Leistungen. Unterliegt unser Unternehmen einer rechtlichen Verpflichtung, durch die eine Verarbeitung von personenbezogenen Daten erforderlich wird, wie z.B. zur Erf\u00fcllung steuerlicher Pflichten, sind wir gesetzlich ebenfalls nicht verpflichtet, Ihre Einwilligung zu erheben. In seltenen F\u00e4llen k\u00f6nnte die Verarbeitung von personenbezogenen Daten erforderlich werden, um Ihre lebenswichtigen Interessen oder einer anderen nat\u00fcrlichen Person zu sch\u00fctzen. Schlie\u00dflich kann die Verarbeitung von Daten auch zur Wahrung eines berechtigten Interesses unseres Unternehmens oder eines Dritten erforderlich sein, sofern die Interessen, Grundrechte und Grundfreiheiten des Betroffenen nicht \u00fcberwiegen. Solche Verarbeitungsvorg\u00e4nge sind uns insbesondere deshalb gestattet, weil sie durch den Europ\u00e4ischen Gesetzgeber besonders erw\u00e4hnt wurden. Er vertrat insoweit die Auffassung, dass ein berechtigtes Interesse anzunehmen sein k\u00f6nnte, wenn die betroffene Person in einem Vertragsverh\u00e4ltnis zu demjenigen steht, der Daten verarbeitet.<\/p>\n\n\n\n<p class=\"has-text-color\" style=\"color:#555555\">Kriterium f\u00fcr die Dauer der Speicherung von personenbezogenen Daten ist die jeweilige gesetzliche Aufbewahrungsfrist. Nach Ablauf der Frist werden die entsprechenden Daten routinem\u00e4\u00dfig gel\u00f6scht, sofern sie nicht mehr zur Vertragserf\u00fcllung oder Vertragsanbahnung erforderlich sind. Als verantwortungsbewusstes Unternehmen verzichten wir auf eine automatische Entscheidungsfindung oder ein Profiling.<br>Diese Website hat \u00fcber die beschriebene, technisch und organisatorisch notwendige Verwendung der Daten hinaus kein Interesse daran, Ihre Daten zu speichern. Ihnen steht als Nutzer unseres Angebots ein Auskunftsrecht \u00fcber solche personenbezogenen Daten zu, die wir \u00fcber Sie gespeichert haben. Sind diese Daten unrichtig, k\u00f6nnen Sie deren Berichtigung, Sperrung und L\u00f6schung verlangen.<\/p>\n\n\n\n<p class=\"has-text-color\" style=\"color:#555555\"><strong>11. <strong>Die Bereitstellung personenbezogener Daten kann gesetzlich vorgeschrieben ist (z.B. Steuervorschriften) oder sich auch aus vertraglichen Regelungen (z.B. Angaben zum Vertragspartner) ergeben.<\/strong><\/strong><\/p>\n\n\n\n<p class=\"has-text-color\" style=\"color:#555555\">In Einzelf\u00e4llen kann es zu einem Vertragsschluss erforderlich sein, dass Sie als betroffene Person uns personenbezogene Daten zur Verf\u00fcgung stellen, die wir verarbeiten m\u00fcssen, so etwa zum Abschluss eines Vertrags. Eine Nichtbereitstellung h\u00e4tte zur Folge, dass der Vertrag nicht geschlossen werden k\u00f6nnte. Wenden Sie sich bitte an uns, wenn Sie hierzu Fragen haben, wir kl\u00e4ren Sie gerne dar\u00fcber auf, ob die Bereitstellung der personenbezogenen Daten gesetzlich oder vertraglich vorgeschrieben oder f\u00fcr den Vertragsabschluss erforderlich ist, ob eine Verpflichtung besteht, personenbezogene Daten bereitzustellen und welche Folgen die Nichtbereitstellung der personenbezogenen Daten h\u00e4tte.<\/p>\n\n\n\n<p class=\"has-text-color\" style=\"color:#555555\"><strong>12. Unser Kontaktformular k\u00f6nnen Sie nutzen, um elektronisch mit uns Kontakt aufzunehmen. Dabei werden die in der Eingabemaske eingegeben Daten an uns \u00fcbermittelt und gespeichert. Dies sind Ihr Name, Ihre E-Mail-Anschrift, der Betreff und der Nachrichtentext.<\/strong><\/p>\n\n\n\n<p class=\"has-text-color\" style=\"color:#555555\">Bei Absendung der Nachricht werden zudem folgende Daten gespeichert:<br><br>\u2013 IP-Adresse des Nutzers<br><br>\u2013 Datum und Uhrzeit <br><br>Die Verarbeitung der Daten erfolgt in diesem Zusammenhang, um mit Ihnen kommunizieren zu k\u00f6nnen und daher zur Erf\u00fcllung Ihrer Anfrage sowie in unserem berechtigten Interesse daran, mit Ihnen nach erfolgter Kontaktaufnahme kommunizieren zu k\u00f6nnen. Alternativ ist eine Kontaktaufnahme \u00fcber die von uns bereitgestellte E-Mail-Adresse m\u00f6glich. In diesem Fall werden die mit der E-Mail \u00fcbermittelten personenbezogenen Daten des Nutzers gespeichert. Eine Weitergabe der Daten an Dritte erfolgt jedoch in keinem Fall. Die Daten werden ausschlie\u00dflich f\u00fcr die Verarbeitung der Kommunikation mit Ihnen verwendet.<\/p>\n\n\n\n<p class=\"has-text-color\" style=\"color:#555555\"><strong>13. <strong>M\u00f6chten Sie mit uns in Kontakt treten bez\u00fcglich der in dieser Datenschutzerkl\u00e4rung beschriebenen Informationspflichten oder Rechte, <\/strong><\/strong><br><strong><strong>die Sie als Betroffener haben oder haben Sie ganz allgemein Fragen oder Anregungen, z\u00f6gern Sie bitte nicht. <\/strong><\/strong><br><br><strong><strong>Sie erreichen uns:<\/strong><\/strong><\/p>\n\n\n\n<p class=\"has-text-color\" style=\"color:#555555\">Keller Design \u2013 Messen &amp; Events \u2013 GmbH<br>Im M\u00f6nchgraben 16<br>75397 Simmozheim<br>Tel.: <a href=\"tel:+49(7033)526990\" target=\"_blank\" rel=\"noreferrer noopener\"><strong>+49 7033 5269 90<\/strong><\/a><br><a href=\"mailto:info@kellerdesign.de\"><strong>info@kellerdesign.de<\/strong><\/a><br>Gesch\u00e4ftsf\u00fchrer: Rabea Swoboda <br><br>F\u00fcr alle sonstigen Fragen stehen wir ebenso gerne zur Verf\u00fcgung, so dass Sie bitte einfach Kontakt mit uns aufnehmen. <br>Diese Datenschutzerkl\u00e4rung ist aktuell g\u00fcltig<\/p>\n","protected":false},"excerpt":{"rendered":"<p>Willkommen auf unserer Website. Datenschutz hat f\u00fcr uns einen hohen Stellenwert. Die Nutzung unserer Website ist grunds\u00e4tzlich ohne jede Angabe personenbezogener Daten m\u00f6glich. Sofern Sie als Nutzer besondere Dienste unseres Unternehmens \u00fcber unsere Internetseite in Anspruch nehmen m\u00f6chten, kann dabei eine Verarbeitung personenbezogener Daten erforderlich werden. Soweit wir hierf\u00fcr keine gesetzliche Grundlage beanspruchen k\u00f6nnen, holen [&hellip;]<\/p>\n","protected":false},"author":1,"featured_media":0,"parent":0,"menu_order":0,"comment_status":"closed","ping_status":"closed","template":"","meta":{"_coblocks_attr":"","_coblocks_dimensions":"","_coblocks_responsive_height":"","_coblocks_accordion_ie_support":"","site-sidebar-layout":"default","site-content-layout":"default","ast-site-content-layout":"default","site-content-style":"default","site-sidebar-style":"default","ast-global-header-display":"","ast-banner-title-visibility":"","ast-main-header-display":"","ast-hfb-above-header-display":"","ast-hfb-below-header-display":"","ast-hfb-mobile-header-display":"","site-post-title":"","ast-breadcrumbs-content":"","ast-featured-img":"","footer-sml-layout":"","ast-disable-related-posts":"","theme-transparent-header-meta":"default","adv-header-id-meta":"","stick-header-meta":"default","header-above-stick-meta":"","header-main-stick-meta":"","header-below-stick-meta":"","astra-migrate-meta-layouts":"set","ast-page-background-enabled":"default","ast-page-background-meta":{"desktop":{"background-color":"","background-image":"","background-repeat":"repeat","background-position":"center center","background-size":"auto","background-attachment":"scroll","background-type":"","background-media":"","overlay-type":"","overlay-color":"","overlay-opacity":"","overlay-gradient":""},"tablet":{"background-color":"","background-image":"","background-repeat":"repeat","background-position":"center center","background-size":"auto","background-attachment":"scroll","background-type":"","background-media":"","overlay-type":"","overlay-color":"","overlay-opacity":"","overlay-gradient":""},"mobile":{"background-color":"","background-image":"","background-repeat":"repeat","background-position":"center center","background-size":"auto","background-attachment":"scroll","background-type":"","background-media":"","overlay-type":"","overlay-color":"","overlay-opacity":"","overlay-gradient":""}},"ast-content-background-meta":{"desktop":{"background-color":"var(--ast-global-color-5)","background-image":"","background-repeat":"repeat","background-position":"center center","background-size":"auto","background-attachment":"scroll","background-type":"","background-media":"","overlay-type":"","overlay-color":"","overlay-opacity":"","overlay-gradient":""},"tablet":{"background-color":"var(--ast-global-color-5)","background-image":"","background-repeat":"repeat","background-position":"center center","background-size":"auto","background-attachment":"scroll","background-type":"","background-media":"","overlay-type":"","overlay-color":"","overlay-opacity":"","overlay-gradient":""},"mobile":{"background-color":"var(--ast-global-color-5)","background-image":"","background-repeat":"repeat","background-position":"center center","background-size":"auto","background-attachment":"scroll","background-type":"","background-media":"","overlay-type":"","overlay-color":"","overlay-opacity":"","overlay-gradient":""}},"footnotes":""},"class_list":["post-81","page","type-page","status-publish","hentry"],"jetpack_sharing_enabled":true,"_links":{"self":[{"href":"https:\/\/kellerdesign.de\/index.php\/wp-json\/wp\/v2\/pages\/81","targetHints":{"allow":["GET"]}}],"collection":[{"href":"https:\/\/kellerdesign.de\/index.php\/wp-json\/wp\/v2\/pages"}],"about":[{"href":"https:\/\/kellerdesign.de\/index.php\/wp-json\/wp\/v2\/types\/page"}],"author":[{"embeddable":true,"href":"https:\/\/kellerdesign.de\/index.php\/wp-json\/wp\/v2\/users\/1"}],"replies":[{"embeddable":true,"href":"https:\/\/kellerdesign.de\/index.php\/wp-json\/wp\/v2\/comments?post=81"}],"version-history":[{"count":34,"href":"https:\/\/kellerdesign.de\/index.php\/wp-json\/wp\/v2\/pages\/81\/revisions"}],"predecessor-version":[{"id":10054,"href":"https:\/\/kellerdesign.de\/index.php\/wp-json\/wp\/v2\/pages\/81\/revisions\/10054"}],"wp:attachment":[{"href":"https:\/\/kellerdesign.de\/index.php\/wp-json\/wp\/v2\/media?parent=81"}],"curies":[{"name":"wp","href":"https:\/\/api.w.org\/{rel}","templated":true}]}}